{"id":9134,"date":"2025-10-03T15:36:43","date_gmt":"2025-10-03T13:36:43","guid":{"rendered":"https:\/\/studentradion.se\/?post_type=project&#038;p=9134"},"modified":"2025-10-03T16:17:39","modified_gmt":"2025-10-03T14:17:39","slug":"hostens-stormote-i-helsingborg","status":"publish","type":"project","link":"https:\/\/studentradion.se\/en_gb\/project\/hostens-stormote-i-helsingborg\/","title":{"rendered":"H\u00f6stens storm\u00f6te i Helsingborg"},"content":{"rendered":"<p><span style=\"font-size: 12pt; color: #000000;\">Efter en fantastisk storm\u00f6teshelg uppe i Ume\u00e5 i v\u00e5ras s\u00e5 har det nu blivit dags att se fram emot h\u00f6stens storm\u00f6te. Redan nu ska du boka in den\u00a0<strong>21-23 november<\/strong> i din kalender f\u00f6r d\u00e5 samlas vi i Helsingborg f\u00f6r tre dagar av radiokalas! V\u00e5r medlemsstation StampusFM st\u00e5r som v\u00e4rd f\u00f6r m\u00f6teshelgen och de jobbar f\u00f6r tillf\u00e4llet med att ta fram ett riktigt sp\u00e4nnande schema.<\/span><\/p>\n<p><span style=\"font-size: 12pt; color: #000000;\">Anm\u00e4lan \u00e4r \u00f6ppen redan nu s\u00e5 kontakta din studentradiof\u00f6renings stationschef eller ordf\u00f6rande om du \u00e4r intresserad av att h\u00e4nga med p\u00e5 storm\u00f6te. Sista anm\u00e4lningsdag \u00e4r 19 oktober.<\/span><\/p>\n<p><span style=\"font-size: 12pt; color: #000000;\">Under m\u00f6teshelgen h\u00e5lls \u00e4ven Studentradion i Sveriges medlemsm\u00f6te d\u00e4r vi bland annat v\u00e4ljer ordf\u00f6rande, kass\u00f6r samt flera andra styrelseposter f\u00f6r verksamhets\u00e5ret 2026. Mer info om hur du g\u00e5r tillv\u00e4ga f\u00f6r att ans\u00f6ka till dessa poster dyker snart upp p\u00e5 hemsidan.<\/span><\/p>\n<p><span style=\"font-size: 12pt; color: #000000;\">Vi ses i Helsingborg!<\/span><\/p>","protected":false},"excerpt":{"rendered":"<p>Efter en fantastisk storm\u00f6teshelg uppe i Ume\u00e5 i v\u00e5ras s\u00e5 har det nu blivit dags att se fram emot h\u00f6stens storm\u00f6te. Redan nu ska du boka in den\u00a021-23 november i din kalender f\u00f6r d\u00e5 samlas vi i Helsingborg f\u00f6r tre dagar av radiokalas! V\u00e5r medlemsstation StampusFM st\u00e5r som v\u00e4rd f\u00f6r m\u00f6teshelgen och de jobbar f\u00f6r [&hellip;]<\/p>\n","protected":false},"author":32,"featured_media":9139,"comment_status":"closed","ping_status":"closed","template":"","meta":{"_et_pb_use_builder":"","_et_pb_old_content":"","_et_gb_content_width":"","footnotes":""},"project_category":[30],"project_tag":[],"class_list":["post-9134","project","type-project","status-publish","has-post-thumbnail","hentry","project_category-nyheter"],"_links":{"self":[{"href":"https:\/\/studentradion.se\/en_gb\/wp-json\/wp\/v2\/project\/9134","targetHints":{"allow":["GET"]}}],"collection":[{"href":"https:\/\/studentradion.se\/en_gb\/wp-json\/wp\/v2\/project"}],"about":[{"href":"https:\/\/studentradion.se\/en_gb\/wp-json\/wp\/v2\/types\/project"}],"author":[{"embeddable":true,"href":"https:\/\/studentradion.se\/en_gb\/wp-json\/wp\/v2\/users\/32"}],"replies":[{"embeddable":true,"href":"https:\/\/studentradion.se\/en_gb\/wp-json\/wp\/v2\/comments?post=9134"}],"version-history":[{"count":3,"href":"https:\/\/studentradion.se\/en_gb\/wp-json\/wp\/v2\/project\/9134\/revisions"}],"predecessor-version":[{"id":9142,"href":"https:\/\/studentradion.se\/en_gb\/wp-json\/wp\/v2\/project\/9134\/revisions\/9142"}],"wp:featuredmedia":[{"embeddable":true,"href":"https:\/\/studentradion.se\/en_gb\/wp-json\/wp\/v2\/media\/9139"}],"wp:attachment":[{"href":"https:\/\/studentradion.se\/en_gb\/wp-json\/wp\/v2\/media?parent=9134"}],"wp:term":[{"taxonomy":"project_category","embeddable":true,"href":"https:\/\/studentradion.se\/en_gb\/wp-json\/wp\/v2\/project_category?post=9134"},{"taxonomy":"project_tag","embeddable":true,"href":"https:\/\/studentradion.se\/en_gb\/wp-json\/wp\/v2\/project_tag?post=9134"}],"curies":[{"name":"wp","href":"https:\/\/api.w.org\/{rel}","templated":true}]}}