{"id":9022,"date":"2025-03-14T17:24:39","date_gmt":"2025-03-14T16:24:39","guid":{"rendered":"https:\/\/studentradion.se\/?post_type=project&#038;p=9022"},"modified":"2025-03-19T15:41:51","modified_gmt":"2025-03-19T14:41:51","slug":"stormote-i-umea-25-27-april","status":"publish","type":"project","link":"https:\/\/studentradion.se\/en_gb\/project\/stormote-i-umea-25-27-april\/","title":{"rendered":"Storm\u00f6te i Ume\u00e5 25-27 april"},"content":{"rendered":"<p><span style=\"font-size: 12pt; color: #000000;\">Nu \u00e4r det dags f\u00f6r v\u00e5rens storm\u00f6te &#8211; som vi har l\u00e4ngtat! Den h\u00e4r g\u00e5ngen v\u00e4nder vi blickarna norrut n\u00e4r v\u00e5r nordligaste medlemsf\u00f6rening Ume\u00e5 Studentradio st\u00e5r som v\u00e4rd f\u00f6r Studentradion i Sveriges storm\u00f6teshelg och \u00e5rsm\u00f6te. Vi \u00e4r redan nu i full g\u00e5ng med att ta fram schemat f\u00f6r den 25-27 april och det ser ut att bli en helg fylld med f\u00f6rel\u00e4sningar, n\u00e4tverkande och till och med ett och annat \u00e4ventyr i bj\u00f6rkarnas stad!<\/span><\/p>\n<p><span style=\"font-size: 12pt; color: #000000;\">Anm\u00e4lan f\u00f6r m\u00f6tet st\u00e4nger den 21 mars s\u00e5 om du vill h\u00e4nga med och representera din studentradiostation p\u00e5 storm\u00f6tet (s\u00e5klart du vill) har du fortfarande n\u00e5gra dagar p\u00e5 dig att anm\u00e4la dig! Din f\u00f6renings styrelse eller stationschef kan ber\u00e4tta mer om hur du g\u00e5r till v\u00e4ga.<br \/>\n<\/span><\/p>\n<p><span style=\"font-size: 12pt; color: #000000;\">Eftersom Studentradion i Sveriges \u00e5rsm\u00f6te kommer att h\u00e5llas under storm\u00f6tess\u00f6ndagen s\u00e5 uppmanar vi \u00e4ven alla medlemmar att skicka in eventuella motioner de vill ta upp under m\u00f6tet till <a href=\"mailto:ordforande@studentradion.se\">ordforande@studentradion.se<\/a> senast den 30 mars.<\/span><\/p>\n<p><span style=\"font-size: 12pt; color: #000000;\">Vi ses i Ume\u00e5!<\/span><\/p>","protected":false},"excerpt":{"rendered":"<p>Nu \u00e4r det dags f\u00f6r v\u00e5rens storm\u00f6te &#8211; som vi har l\u00e4ngtat! Den h\u00e4r g\u00e5ngen v\u00e4nder vi blickarna norrut n\u00e4r v\u00e5r nordligaste medlemsf\u00f6rening Ume\u00e5 Studentradio st\u00e5r som v\u00e4rd f\u00f6r Studentradion i Sveriges storm\u00f6teshelg och \u00e5rsm\u00f6te. Vi \u00e4r redan nu i full g\u00e5ng med att ta fram schemat f\u00f6r den 25-27 april och det ser ut [&hellip;]<\/p>\n","protected":false},"author":32,"featured_media":9020,"comment_status":"closed","ping_status":"closed","template":"","meta":{"_et_pb_use_builder":"","_et_pb_old_content":"","_et_gb_content_width":"","footnotes":""},"project_category":[30],"project_tag":[],"class_list":["post-9022","project","type-project","status-publish","has-post-thumbnail","hentry","project_category-nyheter"],"_links":{"self":[{"href":"https:\/\/studentradion.se\/en_gb\/wp-json\/wp\/v2\/project\/9022","targetHints":{"allow":["GET"]}}],"collection":[{"href":"https:\/\/studentradion.se\/en_gb\/wp-json\/wp\/v2\/project"}],"about":[{"href":"https:\/\/studentradion.se\/en_gb\/wp-json\/wp\/v2\/types\/project"}],"author":[{"embeddable":true,"href":"https:\/\/studentradion.se\/en_gb\/wp-json\/wp\/v2\/users\/32"}],"replies":[{"embeddable":true,"href":"https:\/\/studentradion.se\/en_gb\/wp-json\/wp\/v2\/comments?post=9022"}],"version-history":[{"count":2,"href":"https:\/\/studentradion.se\/en_gb\/wp-json\/wp\/v2\/project\/9022\/revisions"}],"predecessor-version":[{"id":9035,"href":"https:\/\/studentradion.se\/en_gb\/wp-json\/wp\/v2\/project\/9022\/revisions\/9035"}],"wp:featuredmedia":[{"embeddable":true,"href":"https:\/\/studentradion.se\/en_gb\/wp-json\/wp\/v2\/media\/9020"}],"wp:attachment":[{"href":"https:\/\/studentradion.se\/en_gb\/wp-json\/wp\/v2\/media?parent=9022"}],"wp:term":[{"taxonomy":"project_category","embeddable":true,"href":"https:\/\/studentradion.se\/en_gb\/wp-json\/wp\/v2\/project_category?post=9022"},{"taxonomy":"project_tag","embeddable":true,"href":"https:\/\/studentradion.se\/en_gb\/wp-json\/wp\/v2\/project_tag?post=9022"}],"curies":[{"name":"wp","href":"https:\/\/api.w.org\/{rel}","templated":true}]}}