{"id":8963,"date":"2024-12-23T15:14:31","date_gmt":"2024-12-23T14:14:31","guid":{"rendered":"https:\/\/studentradion.se\/?post_type=project&#038;p=8963"},"modified":"2024-12-23T15:14:31","modified_gmt":"2024-12-23T14:14:31","slug":"stormotet-i-kalmar","status":"publish","type":"project","link":"https:\/\/studentradion.se\/en_gb\/project\/stormotet-i-kalmar\/","title":{"rendered":"Storm\u00f6tet i Kalmar"},"content":{"rendered":"<p><span style=\"font-size: 12pt; color: #000000;\">Den 15-17 november samlades deltagare fr\u00e5n Studentradion i Sveriges medlemsf\u00f6reningar i Kalmar f\u00f6r att diskutera radio med varandra, utvidga sina kontaktn\u00e4t och ta viktiga beslut inf\u00f6r n\u00e4sta verksamhets\u00e5r. V\u00e4rdstationen Radio Shore s\u00e5g till att vi fick tre fina m\u00f6tesdagar d\u00e4r samtal och framtiden stod i fokus. Dessutom fylldes helgen av god mat, sightseeing och bowling!<\/span><\/p>\n<p><span style=\"font-size: 12pt; color: #000000;\">P\u00e5 s\u00f6ndagen h\u00f6lls \u00e4ven v\u00e5rt stadgeenliga medlemsm\u00f6te d\u00e4r verksamhetsplan och budget f\u00f6r organisationen 2025 behandlades. Det h\u00f6lls \u00e4ven val f\u00f6r flertalet f\u00f6rtroendeposter i SRS. Bland de invalda hittar vi b\u00e5de nya och gamla bekanta:<\/span><\/p>\n<p style=\"line-height: 140%;\"><span style=\"font-size: 12pt; color: #000000;\">Ordf\u00f6rande: <strong>Rasmus S\u00e4ker <\/strong>(<em>K103<\/em>)<\/span><\/p>\n<p style=\"line-height: 140%;\"><span style=\"font-size: 12pt; color: #000000;\">Kass\u00f6r: <strong>Eva Gustavsson<\/strong> (<em>K103<\/em>)<\/span><\/p>\n<p style=\"line-height: 140%;\"><span style=\"font-size: 12pt; color: #000000;\">Ledamot med ansvar f\u00f6r externa samarbeten: <strong>Nayomi Elias Bairu<\/strong> (<em>Radio AF<\/em>)<\/span><\/p>\n<p style=\"line-height: 140%;\"><span style=\"font-size: 12pt; color: #000000;\">Ledamot med ansvar f\u00f6r finansieringsm\u00f6jligheter: <strong>Malcolm Johansson<\/strong> (<em>K103<\/em>)<\/span><\/p>\n<p style=\"line-height: 140%;\"><span style=\"font-size: 12pt; color: #000000;\">Ledamot: <strong>Carl-Christian Frunck<\/strong> (<em>Ume\u00e5 studentradio<\/em>)<\/span><\/p>\n<p style=\"line-height: 140%;\"><span style=\"font-size: 12pt; color: #000000;\">Intern revisor: <strong>Daniel Solvold<\/strong> (<em>Radio AF<\/em>, sitter kvar p\u00e5 sin post fram till n\u00e4sta storm\u00f6te)<\/span><\/p>\n<p style=\"line-height: 140%;\"><span style=\"font-size: 12pt; color: #000000;\">Valberedning: <strong>Alma Rivarola Baraibar<\/strong> (<em>Ume\u00e5 studentradio<\/em>) samt <strong>Adam J\u00e4\u00e4rf<\/strong> (<em>DUR<\/em>)<\/span><\/p>\n<p style=\"line-height: 140%;\"><span style=\"font-size: 12pt; color: #000000;\">En mindre stadge\u00e4ndring ang\u00e5ende vilket m\u00f6te den interna revisorn v\u00e4ljs p\u00e5 gjordes \u00e4ven.<\/span><\/p>","protected":false},"excerpt":{"rendered":"<p>Den 15-17 november samlades deltagare fr\u00e5n Studentradion i Sveriges medlemsf\u00f6reningar i Kalmar f\u00f6r att diskutera radio med varandra, utvidga sina kontaktn\u00e4t och ta viktiga beslut inf\u00f6r n\u00e4sta verksamhets\u00e5r. V\u00e4rdstationen Radio Shore s\u00e5g till att vi fick tre fina m\u00f6tesdagar d\u00e4r samtal och framtiden stod i fokus. Dessutom fylldes helgen av god mat, sightseeing och bowling! [&hellip;]<\/p>\n","protected":false},"author":32,"featured_media":8964,"comment_status":"closed","ping_status":"closed","template":"","meta":{"_et_pb_use_builder":"","_et_pb_old_content":"","_et_gb_content_width":"","footnotes":""},"project_category":[30],"project_tag":[],"class_list":["post-8963","project","type-project","status-publish","has-post-thumbnail","hentry","project_category-nyheter"],"_links":{"self":[{"href":"https:\/\/studentradion.se\/en_gb\/wp-json\/wp\/v2\/project\/8963","targetHints":{"allow":["GET"]}}],"collection":[{"href":"https:\/\/studentradion.se\/en_gb\/wp-json\/wp\/v2\/project"}],"about":[{"href":"https:\/\/studentradion.se\/en_gb\/wp-json\/wp\/v2\/types\/project"}],"author":[{"embeddable":true,"href":"https:\/\/studentradion.se\/en_gb\/wp-json\/wp\/v2\/users\/32"}],"replies":[{"embeddable":true,"href":"https:\/\/studentradion.se\/en_gb\/wp-json\/wp\/v2\/comments?post=8963"}],"version-history":[{"count":1,"href":"https:\/\/studentradion.se\/en_gb\/wp-json\/wp\/v2\/project\/8963\/revisions"}],"predecessor-version":[{"id":8965,"href":"https:\/\/studentradion.se\/en_gb\/wp-json\/wp\/v2\/project\/8963\/revisions\/8965"}],"wp:featuredmedia":[{"embeddable":true,"href":"https:\/\/studentradion.se\/en_gb\/wp-json\/wp\/v2\/media\/8964"}],"wp:attachment":[{"href":"https:\/\/studentradion.se\/en_gb\/wp-json\/wp\/v2\/media?parent=8963"}],"wp:term":[{"taxonomy":"project_category","embeddable":true,"href":"https:\/\/studentradion.se\/en_gb\/wp-json\/wp\/v2\/project_category?post=8963"},{"taxonomy":"project_tag","embeddable":true,"href":"https:\/\/studentradion.se\/en_gb\/wp-json\/wp\/v2\/project_tag?post=8963"}],"curies":[{"name":"wp","href":"https:\/\/api.w.org\/{rel}","templated":true}]}}