{"id":8700,"date":"2023-09-25T14:19:30","date_gmt":"2023-09-25T12:19:30","guid":{"rendered":"https:\/\/studentradion.se\/?post_type=project&#038;p=8700"},"modified":"2023-09-25T14:24:15","modified_gmt":"2023-09-25T12:24:15","slug":"hostens-stormote-i-lund","status":"publish","type":"project","link":"https:\/\/studentradion.se\/en_gb\/project\/hostens-stormote-i-lund\/","title":{"rendered":"H\u00f6stens Storm\u00f6te i Lund"},"content":{"rendered":"<p><span style=\"font-size: 12pt;\">H\u00f6sten n\u00e4rmar sig med stormsteg och det betyder \u00e4ven att h\u00f6stens Storm\u00f6te f\u00f6r Studentradion i Sveriges medlemmar \u00e4r p\u00e5 ing\u00e5ng. Efter tv\u00e5 storm\u00f6ten i Stockholmsomr\u00e5det s\u00e5 beger vi oss s\u00f6derut den h\u00e4r g\u00e5ngen och hamnar i Lund. S\u00e5 boka in den <strong>24-26 november<\/strong> i kalendern redan nu f\u00f6r snart kommer anm\u00e4lan att \u00f6ppnas f\u00f6r deltagare fr\u00e5n v\u00e5ra medlemsstationer. Radio AF st\u00e5r som v\u00e4rdar f\u00f6r storm\u00f6tet och det kommer bli en helg fylld av m\u00f6ten, diskussioner, aktiviteter, god mat och fest!<\/span><\/p>\n<p><span style=\"font-size: 12pt;\">Vet du redan nu att du vill l\u00e4mna in en motion till v\u00e5rat medlemsm\u00f6te som sker p\u00e5 s\u00f6ndagen? Kontakta v\u00e5r ordf\u00f6rande Gustav p\u00e5: <a href=\"mailto:ordforande@studentradion.se\">ordforande@studentradion.se<\/a><\/span><\/p>\n<p><span style=\"font-size: 12pt;\">Dessutom kommer det att ske val f\u00f6r ett antal f\u00f6rtroendeposter i organisationen. Det h\u00e4r m\u00f6tet kan du kandidera till posterna som: ordf\u00f6rande, kass\u00f6r samt ledamot i styrelsen. Du kan \u00e4ven kandidera till posten som intern revisor f\u00f6r 2024 eller en plats i v\u00e5r valberedning. Mer information om dessa poster kommer snart att dyka upp h\u00e4r p\u00e5 v\u00e5r hemsida!<\/span><\/p>","protected":false},"excerpt":{"rendered":"<p>H\u00f6sten n\u00e4rmar sig med stormsteg och det betyder \u00e4ven att h\u00f6stens Storm\u00f6te f\u00f6r Studentradion i Sveriges medlemmar \u00e4r p\u00e5 ing\u00e5ng. Efter tv\u00e5 storm\u00f6ten i Stockholmsomr\u00e5det s\u00e5 beger vi oss s\u00f6derut den h\u00e4r g\u00e5ngen och hamnar i Lund. S\u00e5 boka in den 24-26 november i kalendern redan nu f\u00f6r snart kommer anm\u00e4lan att \u00f6ppnas f\u00f6r deltagare [&hellip;]<\/p>\n","protected":false},"author":32,"featured_media":8698,"comment_status":"closed","ping_status":"closed","template":"","meta":{"_et_pb_use_builder":"","_et_pb_old_content":"","_et_gb_content_width":"","footnotes":""},"project_category":[30],"project_tag":[],"class_list":["post-8700","project","type-project","status-publish","has-post-thumbnail","hentry","project_category-nyheter"],"_links":{"self":[{"href":"https:\/\/studentradion.se\/en_gb\/wp-json\/wp\/v2\/project\/8700","targetHints":{"allow":["GET"]}}],"collection":[{"href":"https:\/\/studentradion.se\/en_gb\/wp-json\/wp\/v2\/project"}],"about":[{"href":"https:\/\/studentradion.se\/en_gb\/wp-json\/wp\/v2\/types\/project"}],"author":[{"embeddable":true,"href":"https:\/\/studentradion.se\/en_gb\/wp-json\/wp\/v2\/users\/32"}],"replies":[{"embeddable":true,"href":"https:\/\/studentradion.se\/en_gb\/wp-json\/wp\/v2\/comments?post=8700"}],"version-history":[{"count":2,"href":"https:\/\/studentradion.se\/en_gb\/wp-json\/wp\/v2\/project\/8700\/revisions"}],"predecessor-version":[{"id":8704,"href":"https:\/\/studentradion.se\/en_gb\/wp-json\/wp\/v2\/project\/8700\/revisions\/8704"}],"wp:featuredmedia":[{"embeddable":true,"href":"https:\/\/studentradion.se\/en_gb\/wp-json\/wp\/v2\/media\/8698"}],"wp:attachment":[{"href":"https:\/\/studentradion.se\/en_gb\/wp-json\/wp\/v2\/media?parent=8700"}],"wp:term":[{"taxonomy":"project_category","embeddable":true,"href":"https:\/\/studentradion.se\/en_gb\/wp-json\/wp\/v2\/project_category?post=8700"},{"taxonomy":"project_tag","embeddable":true,"href":"https:\/\/studentradion.se\/en_gb\/wp-json\/wp\/v2\/project_tag?post=8700"}],"curies":[{"name":"wp","href":"https:\/\/api.w.org\/{rel}","templated":true}]}}