{"id":5499,"date":"2021-03-25T09:09:45","date_gmt":"2021-03-25T08:09:45","guid":{"rendered":"http:\/\/studentradion.se\/?post_type=project&#038;p=5499"},"modified":"2021-03-31T20:22:29","modified_gmt":"2021-03-31T18:22:29","slug":"5499","status":"publish","type":"project","link":"https:\/\/studentradion.se\/en_gb\/project\/5499\/","title":{"rendered":"Masterclass med P3 Dokument\u00e4r"},"content":{"rendered":"<p>Vi har gl\u00e4djen att presentera en unik m\u00f6jlighet f\u00f6r v\u00e5ra medlemmar att i v\u00e5r f\u00e5<br \/>\ntr\u00e4ffa n\u00e5gra av nyckelpersonerna bakom P3 Dokument\u00e4r!<\/p>\n<p>Jon Jord\u00e5s (producent och samordnare) och Ida Lundqvist (producent och programmakare) ber\u00e4ttar hur det \u00e4r att<br \/>\ndriva Sveriges st\u00f6rsta podd och hur det gick till att g\u00f6ra P3 dokument\u00e4rserien \u201dFallet<br \/>\nkapten kl\u00e4nning\u201d \u2013 vilken bel\u00f6nades med Guld\u00f6rat f\u00f6r \u00c5rets poddproduktion 2020.<\/p>\n<p>De presenterar \u00e4ven \u00e5rets upplaga av P3 Pitch d\u00e4r du kan f\u00e5 chansen att g\u00f6ra din<br \/>\ndokument\u00e4rid\u00e9 till verklighet p\u00e5 P3-redaktionen. Jord\u00e5s och Lundqvist ber\u00e4ttar hur en<br \/>\npitch g\u00e5r till och vilka historier de letar efter just nu. Passa p\u00e5 och st\u00e4ll dina fr\u00e5gor om hur det \u00e4r att jobba med poddber\u00e4ttande och om P3 Pitch!<\/p>\n<p>N\u00e4r? M\u00e5ndag 29 mars kl 15<br \/>\nVar? Videol\u00e4nk skickas ut n\u00e4r det n\u00e4rmar sig<br \/>\nAnm\u00e4l dig senast 26\/3 till:\u00a0<a href=\"mailto:minna.karlsson@studentradion.se\">minna.karlsson@studentradion.se<\/a>\u00a0(skriv ditt namn &amp; station)<\/p>\n<p>&nbsp;<\/p>\n<p><img decoding=\"async\" class=\"aligncenter wp-image-4955 size-large lazyload\" data-src=\"http:\/\/studentradion.se\/wp-content\/uploads\/SRSP3-Logo-500x240.png\" alt=\"\" width=\"500\" height=\"240\" src=\"data:image\/svg+xml;base64,PHN2ZyB3aWR0aD0iMSIgaGVpZ2h0PSIxIiB4bWxucz0iaHR0cDovL3d3dy53My5vcmcvMjAwMC9zdmciPjwvc3ZnPg==\" style=\"--smush-placeholder-width: 500px; --smush-placeholder-aspect-ratio: 500\/240;\" \/><\/p>","protected":false},"excerpt":{"rendered":"<p>Vi har gl\u00e4djen att presentera en unik m\u00f6jlighet f\u00f6r v\u00e5ra medlemmar att i v\u00e5r f\u00e5 tr\u00e4ffa n\u00e5gra av nyckelpersonerna bakom P3 Dokument\u00e4r! Jon Jord\u00e5s (producent och samordnare) och Ida Lundqvist (producent och programmakare) ber\u00e4ttar hur det \u00e4r att driva Sveriges st\u00f6rsta podd och hur det gick till att g\u00f6ra P3 dokument\u00e4rserien \u201dFallet kapten kl\u00e4nning\u201d \u2013 [&hellip;]<\/p>\n","protected":false},"author":29,"featured_media":4955,"comment_status":"closed","ping_status":"closed","template":"","meta":{"_et_pb_use_builder":"","_et_pb_old_content":"","_et_gb_content_width":"","footnotes":""},"project_category":[30],"project_tag":[],"class_list":["post-5499","project","type-project","status-publish","has-post-thumbnail","hentry","project_category-nyheter"],"_links":{"self":[{"href":"https:\/\/studentradion.se\/en_gb\/wp-json\/wp\/v2\/project\/5499","targetHints":{"allow":["GET"]}}],"collection":[{"href":"https:\/\/studentradion.se\/en_gb\/wp-json\/wp\/v2\/project"}],"about":[{"href":"https:\/\/studentradion.se\/en_gb\/wp-json\/wp\/v2\/types\/project"}],"author":[{"embeddable":true,"href":"https:\/\/studentradion.se\/en_gb\/wp-json\/wp\/v2\/users\/29"}],"replies":[{"embeddable":true,"href":"https:\/\/studentradion.se\/en_gb\/wp-json\/wp\/v2\/comments?post=5499"}],"version-history":[{"count":3,"href":"https:\/\/studentradion.se\/en_gb\/wp-json\/wp\/v2\/project\/5499\/revisions"}],"predecessor-version":[{"id":5501,"href":"https:\/\/studentradion.se\/en_gb\/wp-json\/wp\/v2\/project\/5499\/revisions\/5501"}],"wp:featuredmedia":[{"embeddable":true,"href":"https:\/\/studentradion.se\/en_gb\/wp-json\/wp\/v2\/media\/4955"}],"wp:attachment":[{"href":"https:\/\/studentradion.se\/en_gb\/wp-json\/wp\/v2\/media?parent=5499"}],"wp:term":[{"taxonomy":"project_category","embeddable":true,"href":"https:\/\/studentradion.se\/en_gb\/wp-json\/wp\/v2\/project_category?post=5499"},{"taxonomy":"project_tag","embeddable":true,"href":"https:\/\/studentradion.se\/en_gb\/wp-json\/wp\/v2\/project_tag?post=5499"}],"curies":[{"name":"wp","href":"https:\/\/api.w.org\/{rel}","templated":true}]}}