{"id":6903,"date":"2021-05-10T10:14:23","date_gmt":"2021-05-10T08:14:23","guid":{"rendered":"https:\/\/studentradion.se\/?page_id=6903"},"modified":"2025-07-04T15:32:31","modified_gmt":"2025-07-04T13:32:31","slug":"ambassadorsmotena","status":"publish","type":"page","link":"http:\/\/studentradion.se\/en_gb\/ambassadorsmotena\/","title":{"rendered":"Ambassador Meetings"},"content":{"rendered":"<p>[et_pb_section fb_built=&#8221;1&#8243; fullwidth=&#8221;on&#8221; custom_padding_last_edited=&#8221;on|desktop&#8221; disabled_on=&#8221;on|on|&#8221; admin_label=&#8221;Section desktop&#8221; _builder_version=&#8221;4.16&#8243; custom_padding_tablet=&#8221;50px|0|50px|0&#8243; custom_padding_phone=&#8221;&#8221; transparent_background=&#8221;off&#8221; padding_mobile=&#8221;off&#8221; make_fullwidth=&#8221;off&#8221; use_custom_width=&#8221;off&#8221; width_unit=&#8221;on&#8221; custom_width_px=&#8221;1080px&#8221; custom_width_percent=&#8221;80%&#8221; locked=&#8221;off&#8221; global_colors_info=&#8221;{}&#8221;][et_pb_fullwidth_header title=&#8221;AMBASSAD\u00d6RSM\u00d6TEN&#8221; content_max_width=&#8221;none&#8221; title_font_color=&#8221;#ffffff&#8221; subhead_font_color=&#8221;#6e9cd0&#8243; content_font_color=&#8221;#ffffff&#8221; disabled_on=&#8221;on||&#8221; admin_label=&#8221;Fullwidth Header&#8221; _builder_version=&#8221;4.16&#8243; title_font=&#8221;|on|||&#8221; title_text_color=&#8221;#ffffff&#8221; title_font_size=&#8221;50px&#8221; content_text_color=&#8221;#ffffff&#8221; content_font_size=&#8221;20px&#8221; subhead_text_color=&#8221;#6e9cd0&#8243; subhead_font_size=&#8221;20px&#8221; background_color=&#8221;#fdce00&#8243; button_one_letter_spacing_hover=&#8221;0&#8243; button_two_letter_spacing_hover=&#8221;0&#8243; global_colors_info=&#8221;{}&#8221; button_one_text_size__hover_enabled=&#8221;off&#8221; button_two_text_size__hover_enabled=&#8221;off&#8221; button_one_text_color__hover_enabled=&#8221;off&#8221; button_two_text_color__hover_enabled=&#8221;off&#8221; button_one_border_width__hover_enabled=&#8221;off&#8221; button_two_border_width__hover_enabled=&#8221;off&#8221; button_one_border_color__hover_enabled=&#8221;off&#8221; button_two_border_color__hover_enabled=&#8221;off&#8221; button_one_border_radius__hover_enabled=&#8221;off&#8221; button_two_border_radius__hover_enabled=&#8221;off&#8221; button_one_letter_spacing__hover_enabled=&#8221;on&#8221; button_one_letter_spacing__hover=&#8221;0&#8243; button_two_letter_spacing__hover_enabled=&#8221;on&#8221; button_two_letter_spacing__hover=&#8221;0&#8243; button_one_bg_color__hover_enabled=&#8221;off&#8221; button_two_bg_color__hover_enabled=&#8221;off&#8221;][\/et_pb_fullwidth_header][\/et_pb_section][et_pb_section fb_built=&#8221;1&#8243; disabled_on=&#8221;on|on|off&#8221; admin_label=&#8221;Sektion desktop&#8221; _builder_version=&#8221;4.16&#8243; _module_preset=&#8221;default&#8221; global_colors_info=&#8221;{}&#8221;][et_pb_row disabled_on=&#8221;on|on|off&#8221; admin_label=&#8221;Rad desktop&#8221; _builder_version=&#8221;4.16&#8243; _module_preset=&#8221;default&#8221; global_colors_info=&#8221;{}&#8221;][et_pb_column type=&#8221;4_4&#8243; _builder_version=&#8221;4.16&#8243; _module_preset=&#8221;default&#8221; global_colors_info=&#8221;{}&#8221;][et_pb_text _builder_version=&#8221;4.16&#8243; _module_preset=&#8221;default&#8221; global_colors_info=&#8221;{}&#8221;]<\/p>\n<p><span style=\"color: #000000;\"><strong><span style=\"font-size: 24pt;\">Ambassad\u00f6rsm\u00f6ten<\/span><\/strong><\/span><\/p>\n<p>[\/et_pb_text][\/et_pb_column][\/et_pb_row][et_pb_row disabled_on=&#8221;on|on|off&#8221; admin_label=&#8221;Rad desktop&#8221; _builder_version=&#8221;4.16&#8243; _module_preset=&#8221;default&#8221; global_colors_info=&#8221;{}&#8221;][et_pb_column type=&#8221;4_4&#8243; _builder_version=&#8221;4.16&#8243; _module_preset=&#8221;default&#8221; global_colors_info=&#8221;{}&#8221;][et_pb_text _builder_version=&#8221;4.16&#8243; _module_preset=&#8221;default&#8221; global_colors_info=&#8221;{}&#8221;]<\/p>\n<p><span style=\"font-size: 12pt;\">Till ambassad\u00f6rsm\u00f6tena bjuds samtliga medlemsstationer in f\u00f6r att samlas kring v\u00e5rt gemensamma intresse f\u00f6r radio. P\u00e5 m\u00f6tena f\u00e5r stationerna ber\u00e4tta hur det g\u00e5r f\u00f6r dem, vad de har p\u00e5 g\u00e5ng f\u00f6r tillf\u00e4llet men \u00e4ven m\u00f6jligheten att be om hj\u00e4lp fr\u00e5n de andra stationerna. P\u00e5 samtliga m\u00f6ten brukar \u00e4ven styrelsen kort rapportera kring deras arbete samtidigt som medlemsstationerna kan framf\u00f6ra fr\u00e5gor och \u00f6nskningar till styrelsen. <\/span><\/p>\n<p><span style=\"font-size: 12pt;\">De som bjuds in till Ambassad\u00f6rsm\u00f6tena \u00e4r i regel de tillt\u00e4nkta SRS ambassad\u00f6rerna fr\u00e5n vardera station, alternativt ordf\u00f6rande eller annan tillg\u00e4nglig medlem fr\u00e5n stationen. Om du inte har f\u00e5tt en inbjudan och k\u00e4nner att du g\u00e4rna vill delta kan du kontakta din stations ordf\u00f6rande, SRS ambassad\u00f6r eller styrelsen f\u00f6r SRS. <\/span><\/p>\n<p><span style=\"font-size: 12pt;\">Ambassad\u00f6rsm\u00f6tena anordnas ungef\u00e4r en g\u00e5ng i m\u00e5naden. Under m\u00e5nader d\u00e5 \u00e5rsm\u00f6te, medlemsm\u00f6te eller sommaruppeh\u00e5ll intr\u00e4ffar s\u00e5 anordnas inga m\u00f6ten.<\/span><\/p>\n<p>[\/et_pb_text][\/et_pb_column][\/et_pb_row][et_pb_row column_structure=&#8221;1_2,1_2&#8243; disabled_on=&#8221;on|off|off&#8221; admin_label=&#8221;Contact Desktop&#8221; _builder_version=&#8221;4.16&#8243; _module_preset=&#8221;default&#8221; global_colors_info=&#8221;{}&#8221;][et_pb_column type=&#8221;1_2&#8243; _builder_version=&#8221;4.16&#8243; _module_preset=&#8221;default&#8221; global_colors_info=&#8221;{}&#8221;][et_pb_text _builder_version=&#8221;4.27.4&#8243; _module_preset=&#8221;default&#8221; min_height=&#8221;117.6px&#8221; custom_margin=&#8221;||37px|||&#8221; hover_enabled=&#8221;0&#8243; global_colors_info=&#8221;{}&#8221; sticky_enabled=&#8221;0&#8243;]<\/p>\n<p>&nbsp;<\/p>\n<p>&nbsp;<\/p>\n<p><span style=\"font-size: 12pt;\">Fr\u00e5gor? <\/span><span style=\"font-size: 12pt;\">H\u00f6r av dig till: <a href=\"mailto:tindra.ahlin@studentradion.se\">tindra.ahlin@studentradion.se<\/a><\/span><\/p>\n<p>[\/et_pb_text][\/et_pb_column][et_pb_column type=&#8221;1_2&#8243; _builder_version=&#8221;4.16&#8243; _module_preset=&#8221;default&#8221; global_colors_info=&#8221;{}&#8221;][et_pb_testimonial portrait_url=&#8221;https:\/\/studentradion.se\/wp-content\/uploads\/Namnl\u00f6s-design-2.png&#8221; quote_icon=&#8221;off&#8221; admin_label=&#8221;Hannah&#8221; _builder_version=&#8221;4.27.4&#8243; use_background_color=&#8221;off&#8221; background_size=&#8221;initial&#8221; background_position=&#8221;top_left&#8221; background_repeat=&#8221;repeat&#8221; hover_enabled=&#8221;0&#8243; border_width_all=&#8221;0px&#8221; border_color_all=&#8221;#ffffff&#8221; border_style_all=&#8221;solid&#8221; use_border_color=&#8221;on&#8221; border_style=&#8221;solid&#8221; locked=&#8221;off&#8221; global_colors_info=&#8221;{}&#8221; sticky_enabled=&#8221;0&#8243; title_text=&#8221;Namnl\u00f6s design (2)&#8221;]<\/p>\n<p>&nbsp;<\/p>\n<p><span style=\"font-size: 12pt;\"><b>Tindra \u00c5hlin<br \/><\/b>Ledamot med ansvar f\u00f6r interna samarbeten<\/span><\/p>\n<p>[\/et_pb_testimonial][\/et_pb_column][\/et_pb_row][et_pb_row padding_mobile=&#8221;off&#8221; column_padding_mobile=&#8221;on&#8221; disabled_on=&#8221;on|on|off&#8221; admin_label=&#8221;Sociala medier desktop&#8221; _builder_version=&#8221;4.16&#8243; background_size=&#8221;initial&#8221; background_position=&#8221;top_left&#8221; background_repeat=&#8221;repeat&#8221; make_fullwidth=&#8221;off&#8221; use_custom_width=&#8221;off&#8221; width_unit=&#8221;off&#8221; custom_width_px=&#8221;1080px&#8221; custom_width_percent=&#8221;80%&#8221; locked=&#8221;off&#8221; global_colors_info=&#8221;{}&#8221;][et_pb_column type=&#8221;4_4&#8243; _builder_version=&#8221;4.16&#8243; custom_padding=&#8221;|||&#8221; global_colors_info=&#8221;{}&#8221; custom_padding__hover=&#8221;|||&#8221;][et_pb_social_media_follow admin_label=&#8221;Sociala medier&#8221; _builder_version=&#8221;4.16&#8243; link_shape=&#8221;rounded_rectangle&#8221; saved_tabs=&#8221;all&#8221; global_colors_info=&#8221;{}&#8221;][et_pb_social_media_follow_network social_network=&#8221;facebook&#8221; url=&#8221;https:\/\/www.facebook.com\/SRS-Studentradion-i-Sverige-155757564522420\/&#8221; _builder_version=&#8221;4.16&#8243; background_color=&#8221;#3b5998&#8243; bg_color=&#8221;#3b5998&#8243; global_colors_info=&#8221;{}&#8221; follow_button=&#8221;off&#8221; url_new_window=&#8221;on&#8221;]facebook<br \/>\n[\/et_pb_social_media_follow_network][et_pb_social_media_follow_network social_network=&#8221;instagram&#8221; url=&#8221;https:\/\/www.instagram.com\/studentradionisverige\/&#8221; _builder_version=&#8221;4.16&#8243; background_color=&#8221;#517fa4&#8243; bg_color=&#8221;#517fa4&#8243; global_colors_info=&#8221;{}&#8221; follow_button=&#8221;off&#8221; url_new_window=&#8221;on&#8221;]Instagram<br \/>\n[\/et_pb_social_media_follow_network][\/et_pb_social_media_follow][\/et_pb_column][\/et_pb_row][\/et_pb_section][et_pb_section fb_built=&#8221;1&#8243; disabled_on=&#8221;off|on|on&#8221; admin_label=&#8221;Sektion phone&#8221; _builder_version=&#8221;4.16&#8243; _module_preset=&#8221;default&#8221; locked=&#8221;off&#8221; global_colors_info=&#8221;{}&#8221;][et_pb_row disabled_on=&#8221;off|on|on&#8221; admin_label=&#8221;Rad phone&#8221; _builder_version=&#8221;4.16&#8243; _module_preset=&#8221;default&#8221; global_colors_info=&#8221;{}&#8221;][et_pb_column type=&#8221;4_4&#8243; _builder_version=&#8221;4.16&#8243; _module_preset=&#8221;default&#8221; global_colors_info=&#8221;{}&#8221;][et_pb_text _builder_version=&#8221;4.16&#8243; _module_preset=&#8221;default&#8221; global_colors_info=&#8221;{}&#8221;]<\/p>\n<p><span style=\"color: #000000; font-size: 18pt;\"><strong>Ambassad\u00f6rsm\u00f6ten<\/strong><\/span><\/p>\n<p>[\/et_pb_text][\/et_pb_column][\/et_pb_row][et_pb_row disabled_on=&#8221;off|on|on&#8221; admin_label=&#8221;Rad phone&#8221; _builder_version=&#8221;4.16&#8243; _module_preset=&#8221;default&#8221; global_colors_info=&#8221;{}&#8221;][et_pb_column type=&#8221;4_4&#8243; _builder_version=&#8221;4.16&#8243; _module_preset=&#8221;default&#8221; global_colors_info=&#8221;{}&#8221;][et_pb_text _builder_version=&#8221;4.16&#8243; _module_preset=&#8221;default&#8221; global_colors_info=&#8221;{}&#8221;]<\/p>\n<p><span style=\"font-size: 12pt;\">Till ambassad\u00f6rsm\u00f6tena bjuds samtliga medlemsstationer in f\u00f6r att samlas kring v\u00e5rt gemensamma intresse f\u00f6r radio. P\u00e5 m\u00f6tena f\u00e5r stationerna ber\u00e4tta hur det g\u00e5r f\u00f6r dem, vad de har p\u00e5 g\u00e5ng f\u00f6r tillf\u00e4llet men \u00e4ven m\u00f6jligheten att be om hj\u00e4lp fr\u00e5n de andra stationerna. P\u00e5 samtliga m\u00f6ten brukar \u00e4ven styrelsen kort rapportera kring deras arbete samtidigt som medlemsstationerna kan framf\u00f6ra fr\u00e5gor och \u00f6nskningar till styrelsen. <\/span><\/p>\n<p><span style=\"font-size: 12pt;\">De som bjuds in till Ambassad\u00f6rsm\u00f6tena \u00e4r i regel de tillt\u00e4nkta SRS ambassad\u00f6rerna fr\u00e5n vardera station, alternativt ordf\u00f6rande eller annan tillg\u00e4nglig medlem fr\u00e5n stationen. Om du inte har f\u00e5tt en inbjudan och k\u00e4nner att du g\u00e4rna vill delta kan du kontakta din stations ordf\u00f6rande, SRS ambassad\u00f6r eller styrelsen f\u00f6r SRS. <\/span><\/p>\n<p><span style=\"font-size: 12pt;\">Ambassad\u00f6rsm\u00f6tena anordnas ungef\u00e4r en g\u00e5ng i m\u00e5naden. Under m\u00e5nader d\u00e5 \u00e5rsm\u00f6te, medlemsm\u00f6te eller sommaruppeh\u00e5ll intr\u00e4ffar s\u00e5 anordnas inga m\u00f6ten.<\/span><\/p>\n<p>[\/et_pb_text][\/et_pb_column][\/et_pb_row][et_pb_row disabled_on=&#8221;off|on|on&#8221; admin_label=&#8221;Contact Phone&#8221; _builder_version=&#8221;4.16&#8243; _module_preset=&#8221;default&#8221; global_colors_info=&#8221;{}&#8221;][et_pb_column type=&#8221;4_4&#8243; _builder_version=&#8221;4.16&#8243; _module_preset=&#8221;default&#8221; global_colors_info=&#8221;{}&#8221;][et_pb_text _builder_version=&#8221;4.27.4&#8243; _module_preset=&#8221;default&#8221; text_orientation=&#8221;center&#8221; min_height=&#8221;117.6px&#8221; custom_margin=&#8221;||37px|||&#8221; hover_enabled=&#8221;0&#8243; locked=&#8221;off&#8221; global_colors_info=&#8221;{}&#8221; sticky_enabled=&#8221;0&#8243;]<\/p>\n<p><span style=\"font-size: 12pt;\">Fr\u00e5gor? <\/span><span style=\"font-size: 12pt;\">H\u00f6r av dig till: <a href=\"mailto:tindra.ahlin@studentradion.se\">tindra.ahlin@studentradion.se<\/a><\/span><\/p>\n<p>[\/et_pb_text][et_pb_testimonial portrait_url=&#8221;https:\/\/studentradion.se\/wp-content\/uploads\/Namnl\u00f6s-design-2.png&#8221; quote_icon=&#8221;off&#8221; admin_label=&#8221;Hannah&#8221; _builder_version=&#8221;4.27.4&#8243; use_background_color=&#8221;off&#8221; background_size=&#8221;initial&#8221; background_position=&#8221;top_left&#8221; background_repeat=&#8221;repeat&#8221; text_orientation=&#8221;center&#8221; hover_enabled=&#8221;0&#8243; border_width_all=&#8221;0px&#8221; border_color_all=&#8221;#ffffff&#8221; border_style_all=&#8221;solid&#8221; use_border_color=&#8221;on&#8221; border_style=&#8221;solid&#8221; locked=&#8221;off&#8221; global_colors_info=&#8221;{}&#8221; sticky_enabled=&#8221;0&#8243; title_text=&#8221;Namnl\u00f6s design (2)&#8221;]<\/p>\n<p>&nbsp;<\/p>\n<p><span style=\"font-size: 12pt;\"><b>Tindra \u00c5hlin<br \/><\/b>Ledamot med ansvar f\u00f6r interna samarbeten<br \/><\/span><\/p>\n<p>[\/et_pb_testimonial][\/et_pb_column][\/et_pb_row][et_pb_row padding_mobile=&#8221;off&#8221; column_padding_mobile=&#8221;on&#8221; disabled_on=&#8221;off|on|on&#8221; admin_label=&#8221;Sociala medier phone&#8221; _builder_version=&#8221;4.16&#8243; background_size=&#8221;initial&#8221; background_position=&#8221;top_left&#8221; background_repeat=&#8221;repeat&#8221; make_fullwidth=&#8221;off&#8221; use_custom_width=&#8221;off&#8221; width_unit=&#8221;off&#8221; custom_width_px=&#8221;1080px&#8221; custom_width_percent=&#8221;80%&#8221; locked=&#8221;off&#8221; global_colors_info=&#8221;{}&#8221;][et_pb_column type=&#8221;4_4&#8243; _builder_version=&#8221;4.16&#8243; custom_padding=&#8221;|||&#8221; global_colors_info=&#8221;{}&#8221; custom_padding__hover=&#8221;|||&#8221;][et_pb_social_media_follow admin_label=&#8221;Sociala medier&#8221; _builder_version=&#8221;4.16&#8243; link_shape=&#8221;rounded_rectangle&#8221; saved_tabs=&#8221;all&#8221; global_colors_info=&#8221;{}&#8221;][et_pb_social_media_follow_network social_network=&#8221;facebook&#8221; url=&#8221;https:\/\/www.facebook.com\/SRS-Studentradion-i-Sverige-155757564522420\/&#8221; _builder_version=&#8221;4.16&#8243; background_color=&#8221;#3b5998&#8243; bg_color=&#8221;#3b5998&#8243; global_colors_info=&#8221;{}&#8221; follow_button=&#8221;off&#8221; url_new_window=&#8221;on&#8221;]facebook<br \/>\n[\/et_pb_social_media_follow_network][et_pb_social_media_follow_network social_network=&#8221;instagram&#8221; url=&#8221;https:\/\/www.instagram.com\/studentradionisverige\/&#8221; _builder_version=&#8221;4.16&#8243; background_color=&#8221;#517fa4&#8243; bg_color=&#8221;#517fa4&#8243; global_colors_info=&#8221;{}&#8221; follow_button=&#8221;off&#8221; url_new_window=&#8221;on&#8221;]Instagram<br \/>\n[\/et_pb_social_media_follow_network][\/et_pb_social_media_follow][\/et_pb_column][\/et_pb_row][\/et_pb_section][et_pb_section fb_built=&#8221;1&#8243; fullwidth=&#8221;on&#8221; custom_padding_last_edited=&#8221;on|desktop&#8221; disabled_on=&#8221;on|off|on&#8221; admin_label=&#8221;Section tablet&#8221; _builder_version=&#8221;4.16&#8243; custom_padding_tablet=&#8221;50px|0|50px|0&#8243; custom_padding_phone=&#8221;&#8221; transparent_background=&#8221;off&#8221; padding_mobile=&#8221;off&#8221; make_fullwidth=&#8221;off&#8221; use_custom_width=&#8221;off&#8221; width_unit=&#8221;on&#8221; custom_width_px=&#8221;1080px&#8221; custom_width_percent=&#8221;80%&#8221; locked=&#8221;off&#8221; global_colors_info=&#8221;{}&#8221;][et_pb_fullwidth_header title=&#8221;AMBASSAD\u00d6RSM\u00d6TEN&#8221; content_max_width=&#8221;none&#8221; title_font_color=&#8221;#ffffff&#8221; subhead_font_color=&#8221;#6e9cd0&#8243; content_font_color=&#8221;#ffffff&#8221; disabled_on=&#8221;on||&#8221; admin_label=&#8221;Fullwidth Header&#8221; _builder_version=&#8221;4.16&#8243; title_font=&#8221;|on|||&#8221; title_text_color=&#8221;#ffffff&#8221; title_font_size=&#8221;50px&#8221; content_text_color=&#8221;#ffffff&#8221; content_font_size=&#8221;20px&#8221; subhead_text_color=&#8221;#6e9cd0&#8243; subhead_font_size=&#8221;20px&#8221; background_color=&#8221;#fdce00&#8243; button_one_letter_spacing_hover=&#8221;0&#8243; button_two_letter_spacing_hover=&#8221;0&#8243; global_colors_info=&#8221;{}&#8221; button_one_text_size__hover_enabled=&#8221;off&#8221; button_two_text_size__hover_enabled=&#8221;off&#8221; button_one_text_color__hover_enabled=&#8221;off&#8221; button_two_text_color__hover_enabled=&#8221;off&#8221; button_one_border_width__hover_enabled=&#8221;off&#8221; button_two_border_width__hover_enabled=&#8221;off&#8221; button_one_border_color__hover_enabled=&#8221;off&#8221; button_two_border_color__hover_enabled=&#8221;off&#8221; button_one_border_radius__hover_enabled=&#8221;off&#8221; button_two_border_radius__hover_enabled=&#8221;off&#8221; button_one_letter_spacing__hover_enabled=&#8221;on&#8221; button_one_letter_spacing__hover=&#8221;0&#8243; button_two_letter_spacing__hover_enabled=&#8221;on&#8221; button_two_letter_spacing__hover=&#8221;0&#8243; button_one_bg_color__hover_enabled=&#8221;off&#8221; button_two_bg_color__hover_enabled=&#8221;off&#8221;][\/et_pb_fullwidth_header][\/et_pb_section][et_pb_section fb_built=&#8221;1&#8243; disabled_on=&#8221;on|off|on&#8221; admin_label=&#8221;Sektion tablet&#8221; _builder_version=&#8221;4.16&#8243; _module_preset=&#8221;default&#8221; locked=&#8221;off&#8221; global_colors_info=&#8221;{}&#8221;][et_pb_row disabled_on=&#8221;on|off|on&#8221; admin_label=&#8221;Rad tablet&#8221; _builder_version=&#8221;4.16&#8243; _module_preset=&#8221;default&#8221; global_colors_info=&#8221;{}&#8221;][et_pb_column type=&#8221;4_4&#8243; _builder_version=&#8221;4.16&#8243; _module_preset=&#8221;default&#8221; global_colors_info=&#8221;{}&#8221;][et_pb_text _builder_version=&#8221;4.16&#8243; _module_preset=&#8221;default&#8221; global_colors_info=&#8221;{}&#8221;]<\/p>\n<p><span style=\"color: #000000;\"><strong><span style=\"font-size: 24pt;\">Ambassad\u00f6rsm\u00f6ten<\/span><\/strong><\/span><\/p>\n<p>[\/et_pb_text][\/et_pb_column][\/et_pb_row][et_pb_row disabled_on=&#8221;on|off|on&#8221; admin_label=&#8221;Rad tablet&#8221; _builder_version=&#8221;4.16&#8243; _module_preset=&#8221;default&#8221; global_colors_info=&#8221;{}&#8221;][et_pb_column type=&#8221;4_4&#8243; _builder_version=&#8221;4.16&#8243; _module_preset=&#8221;default&#8221; global_colors_info=&#8221;{}&#8221;][et_pb_text _builder_version=&#8221;4.27.0&#8243; _module_preset=&#8221;default&#8221; global_colors_info=&#8221;{}&#8221;]<\/p>\n<p><span style=\"font-size: 12pt;\">Till ambassad\u00f6rsm\u00f6tena bjuds samtliga medlemsstationer in f\u00f6r att samlas kring v\u00e5rt gemensamma intresse f\u00f6r radio. P\u00e5 m\u00f6tena f\u00e5r stationerna ber\u00e4tta hur det g\u00e5r f\u00f6r dem, vad de har p\u00e5 g\u00e5ng f\u00f6r tillf\u00e4llet men \u00e4ven m\u00f6jligheten att be om hj\u00e4lp fr\u00e5n de andra stationerna. P\u00e5 samtliga m\u00f6ten brukar \u00e4ven styrelsen kort rapportera kring deras arbete samtidigt som medlemsstationerna kan framf\u00f6ra fr\u00e5gor och \u00f6nskningar till styrelsen. <\/span><\/p>\n<p><span style=\"font-size: 12pt;\">De som bjuds in till Ambassad\u00f6rsm\u00f6tena \u00e4r i regel de tillt\u00e4nkta SRS ambassad\u00f6rerna fr\u00e5n vardera station, alternativt ordf\u00f6rande eller annan tillg\u00e4nglig medlem fr\u00e5n stationen. Om du inte har f\u00e5tt en inbjudan och k\u00e4nner att du g\u00e4rna vill delta kan du kontakta din stations ordf\u00f6rande, SRS ambassad\u00f6r eller styrelsen f\u00f6r SRS. <\/span><\/p>\n<p><span style=\"font-size: 12pt;\">Ambassad\u00f6rsm\u00f6tena anordnas ungef\u00e4r en g\u00e5ng i m\u00e5naden. Under m\u00e5nader d\u00e5 \u00e5rsm\u00f6te, medlemsm\u00f6te eller sommaruppeh\u00e5ll intr\u00e4ffar s\u00e5 anordnas inga m\u00f6ten.<\/span><\/p>\n<p>&nbsp;<\/p>\n<p><span style=\"font-size: 12pt;\">Fr\u00e5gor? H\u00f6r av dig till: <a href=\"mailto:tindra.ahlin@studentradion.se\">tindra.ahlin@studentradion.se<\/a><\/span><\/p>\n<p>[\/et_pb_text][\/et_pb_column][\/et_pb_row][et_pb_row disabled_on=&#8221;on|off|on&#8221; admin_label=&#8221;Contact Tablet&#8221; _builder_version=&#8221;4.16&#8243; _module_preset=&#8221;default&#8221; global_colors_info=&#8221;{}&#8221;][et_pb_column type=&#8221;4_4&#8243; _builder_version=&#8221;4.16&#8243; _module_preset=&#8221;default&#8221; global_colors_info=&#8221;{}&#8221;][et_pb_testimonial portrait_url=&#8221;https:\/\/studentradion.se\/wp-content\/uploads\/Namnl\u00f6s-design-2.png&#8221; quote_icon=&#8221;off&#8221; admin_label=&#8221;Hannah&#8221; _builder_version=&#8221;4.27.4&#8243; use_background_color=&#8221;off&#8221; background_size=&#8221;initial&#8221; background_position=&#8221;top_left&#8221; background_repeat=&#8221;repeat&#8221; text_orientation=&#8221;center&#8221; hover_enabled=&#8221;0&#8243; border_width_all=&#8221;0px&#8221; border_color_all=&#8221;#ffffff&#8221; border_style_all=&#8221;solid&#8221; use_border_color=&#8221;on&#8221; border_style=&#8221;solid&#8221; locked=&#8221;off&#8221; global_colors_info=&#8221;{}&#8221; title_text=&#8221;Namnl\u00f6s design (2)&#8221; sticky_enabled=&#8221;0&#8243;]<\/p>\n<p>&nbsp;<\/p>\n<p><span style=\"font-size: 12pt;\"><b>Tindra \u00c5hlin<br \/><\/b>Ledamot med ansvar f\u00f6r interna samarbeten<br \/><\/span><\/p>\n<p>[\/et_pb_testimonial][\/et_pb_column][\/et_pb_row][et_pb_row padding_mobile=&#8221;off&#8221; column_padding_mobile=&#8221;on&#8221; disabled_on=&#8221;on|off|on&#8221; admin_label=&#8221;Sociala medier tablet&#8221; _builder_version=&#8221;4.16&#8243; background_size=&#8221;initial&#8221; background_position=&#8221;top_left&#8221; background_repeat=&#8221;repeat&#8221; make_fullwidth=&#8221;off&#8221; use_custom_width=&#8221;off&#8221; width_unit=&#8221;off&#8221; custom_width_px=&#8221;1080px&#8221; custom_width_percent=&#8221;80%&#8221; locked=&#8221;off&#8221; global_colors_info=&#8221;{}&#8221;][et_pb_column type=&#8221;4_4&#8243; _builder_version=&#8221;4.16&#8243; custom_padding=&#8221;|||&#8221; global_colors_info=&#8221;{}&#8221; custom_padding__hover=&#8221;|||&#8221;][et_pb_social_media_follow admin_label=&#8221;Sociala medier&#8221; _builder_version=&#8221;4.16&#8243; link_shape=&#8221;rounded_rectangle&#8221; saved_tabs=&#8221;all&#8221; global_colors_info=&#8221;{}&#8221;][et_pb_social_media_follow_network social_network=&#8221;facebook&#8221; url=&#8221;https:\/\/www.facebook.com\/SRS-Studentradion-i-Sverige-155757564522420\/&#8221; _builder_version=&#8221;4.16&#8243; background_color=&#8221;#3b5998&#8243; bg_color=&#8221;#3b5998&#8243; global_colors_info=&#8221;{}&#8221; follow_button=&#8221;off&#8221; url_new_window=&#8221;on&#8221;]facebook<br \/>\n[\/et_pb_social_media_follow_network][et_pb_social_media_follow_network social_network=&#8221;instagram&#8221; url=&#8221;https:\/\/www.instagram.com\/studentradionisverige\/&#8221; _builder_version=&#8221;4.16&#8243; background_color=&#8221;#517fa4&#8243; bg_color=&#8221;#517fa4&#8243; global_colors_info=&#8221;{}&#8221; follow_button=&#8221;off&#8221; url_new_window=&#8221;on&#8221;]Instagram<br \/>\n[\/et_pb_social_media_follow_network][\/et_pb_social_media_follow][\/et_pb_column][\/et_pb_row][\/et_pb_section]<\/p>\n","protected":false},"excerpt":{"rendered":"<p>Ambassad\u00f6rsm\u00f6tenTill ambassad\u00f6rsm\u00f6tena bjuds samtliga medlemsstationer in f\u00f6r att samlas kring v\u00e5rt gemensamma intresse f\u00f6r radio. P\u00e5 m\u00f6tena f\u00e5r stationerna ber\u00e4tta hur det g\u00e5r f\u00f6r dem, vad de har p\u00e5 g\u00e5ng f\u00f6r tillf\u00e4llet men \u00e4ven m\u00f6jligheten att be om hj\u00e4lp fr\u00e5n de andra stationerna. P\u00e5 samtliga m\u00f6ten brukar \u00e4ven styrelsen kort rapportera kring deras arbete samtidigt [&hellip;]<\/p>\n","protected":false},"author":29,"featured_media":0,"parent":0,"menu_order":0,"comment_status":"closed","ping_status":"closed","template":"","meta":{"_et_pb_use_builder":"on","_et_pb_old_content":"","_et_gb_content_width":"","footnotes":""},"class_list":["post-6903","page","type-page","status-publish","hentry"],"_links":{"self":[{"href":"http:\/\/studentradion.se\/en_gb\/wp-json\/wp\/v2\/pages\/6903","targetHints":{"allow":["GET"]}}],"collection":[{"href":"http:\/\/studentradion.se\/en_gb\/wp-json\/wp\/v2\/pages"}],"about":[{"href":"http:\/\/studentradion.se\/en_gb\/wp-json\/wp\/v2\/types\/page"}],"author":[{"embeddable":true,"href":"http:\/\/studentradion.se\/en_gb\/wp-json\/wp\/v2\/users\/29"}],"replies":[{"embeddable":true,"href":"http:\/\/studentradion.se\/en_gb\/wp-json\/wp\/v2\/comments?post=6903"}],"version-history":[{"count":53,"href":"http:\/\/studentradion.se\/en_gb\/wp-json\/wp\/v2\/pages\/6903\/revisions"}],"predecessor-version":[{"id":9106,"href":"http:\/\/studentradion.se\/en_gb\/wp-json\/wp\/v2\/pages\/6903\/revisions\/9106"}],"wp:attachment":[{"href":"http:\/\/studentradion.se\/en_gb\/wp-json\/wp\/v2\/media?parent=6903"}],"curies":[{"name":"wp","href":"https:\/\/api.w.org\/{rel}","templated":true}]}}